{"id":890,"date":"2025-10-06T13:13:49","date_gmt":"2025-10-06T11:13:49","guid":{"rendered":"https:\/\/blandinegaly.com\/instruments\/"},"modified":"2026-03-26T11:38:08","modified_gmt":"2026-03-26T10:38:08","slug":"instruments","status":"publish","type":"page","link":"https:\/\/blandinegaly.com\/ca\/instruments\/","title":{"rendered":"Instruments"},"content":{"rendered":"\t\t<div data-elementor-type=\"wp-page\" data-elementor-id=\"890\" class=\"elementor elementor-890 elementor-602\">\n\t\t\t\t\t\t<section class=\"elementor-section elementor-top-section elementor-element elementor-element-dacd0d9 qode_elementor_container_inner elementor-section-boxed elementor-section-height-default elementor-section-height-default parallax_section_no\" data-id=\"dacd0d9\" data-element_type=\"section\" data-e-type=\"section\">\n\t\t\t\t\t\t<div class=\"elementor-container elementor-column-gap-no\">\n\t\t\t\t\t<div class=\"elementor-column elementor-col-100 elementor-top-column elementor-element elementor-element-6eb9431\" data-id=\"6eb9431\" data-element_type=\"column\" data-e-type=\"column\">\n\t\t\t<div class=\"elementor-widget-wrap elementor-element-populated\">\n\t\t\t\t\t\t<div class=\"elementor-element elementor-element-e76b8ca elementor-widget elementor-widget-text-editor\" data-id=\"e76b8ca\" data-element_type=\"widget\" data-e-type=\"widget\" data-widget_type=\"text-editor.default\">\n\t\t\t\t\t\t\t\t\t<h4 style=\"text-align: center;\">Cat\u00e0leg<\/h4>\t\t\t\t\t\t\t\t<\/div>\n\t\t\t\t<div class=\"elementor-element elementor-element-59da8cc elementor-widget elementor-widget-text-editor\" data-id=\"59da8cc\" data-element_type=\"widget\" data-e-type=\"widget\" data-widget_type=\"text-editor.default\">\n\t\t\t\t\t\t\t\t\t<h1 style=\"text-align: center;\">Instruments en venda<\/h1>\t\t\t\t\t\t\t\t<\/div>\n\t\t\t\t\t<\/div>\n\t\t<\/div>\n\t\t\t\t\t<\/div>\n\t\t<\/section>\n\t\t\t\t<section class=\"elementor-section elementor-top-section elementor-element elementor-element-e1ae138 qode_elementor_container_inner elementor-section-boxed elementor-section-height-default elementor-section-height-default parallax_section_no\" data-id=\"e1ae138\" data-element_type=\"section\" data-e-type=\"section\">\n\t\t\t\t\t\t<div class=\"elementor-container elementor-column-gap-no\">\n\t\t\t\t\t<div class=\"elementor-column elementor-col-100 elementor-top-column elementor-element elementor-element-df8ac8a\" data-id=\"df8ac8a\" data-element_type=\"column\" data-e-type=\"column\">\n\t\t\t<div class=\"elementor-widget-wrap elementor-element-populated\">\n\t\t\t\t\t\t<div class=\"elementor-element elementor-element-a636541 elementor-widget elementor-widget-text-editor\" data-id=\"a636541\" data-element_type=\"widget\" data-e-type=\"widget\" data-widget_type=\"text-editor.default\">\n\t\t\t\t\t\t\t\t\t<p data-start=\"220\" data-end=\"464\">Som una botiga i taller especialitzats en la fabricaci\u00f3 i venda de violins, violes i violoncels. Fabriquem per enc\u00e0rrec, adaptant-nos a l&#8217;estil i les prefer\u00e8ncies de cada int\u00e8rpret. A m\u00e9s d&#8217;instruments, trobar\u00e0s tamb\u00e9 tots els accessoris necessaris per al seu \u00fas i manteniment: estoigs, cordes, arcs o resines, entre altres. <br>El nostre enfocament est\u00e0 centrat en el m\u00fasic. Oferim un servei personalitzat i orientat a les seves necessitats, prenent-nos el temps necessari per assessorar-vos de manera propera i professional.<br>A continuaci\u00f3, trobareu una selecci\u00f3 d&#8217;instruments actualment disponibles al nostre taller. Si busqueu alguna cosa espec\u00edfica que no vegeu en aquesta llista, no dubteu a consultar-nos. A m\u00e9s d&#8217;instruments, trobar\u00e0s tamb\u00e9 tots els accessoris necessaris per al seu \u00fas i manteniment: estoigs, cordes, arcs o resines, entre altres. <\/p><p data-start=\"466\" data-end=\"653\">El nostre enfocament est\u00e0 centrat en el m\u00fasic. Oferim un servei personalitzat i orientat a les seves necessitats, prenent-nos el temps necessari per assessorar-te de manera propera i professional.<\/p><p data-start=\"903\" data-end=\"1082\">A continuaci\u00f3, trobareu una selecci\u00f3 d&#8217;instruments actualment disponibles al nostre taller. Si busqueu alguna cosa espec\u00edfica que no vegeu en aquesta llista, no dubtis a consultar-nos.<\/p>\t\t\t\t\t\t\t\t<\/div>\n\t\t\t\t\t<\/div>\n\t\t<\/div>\n\t\t\t\t\t<\/div>\n\t\t<\/section>\n\t\t\t\t<section class=\"elementor-section elementor-top-section elementor-element elementor-element-a59f807 qode_elementor_container_inner elementor-section-boxed elementor-section-height-default elementor-section-height-default parallax_section_no\" data-id=\"a59f807\" data-element_type=\"section\" data-e-type=\"section\">\n\t\t\t\t\t\t<div class=\"elementor-container elementor-column-gap-no\">\n\t\t\t\t\t<div class=\"elementor-column elementor-col-100 elementor-top-column elementor-element elementor-element-33ed153\" data-id=\"33ed153\" data-element_type=\"column\" data-e-type=\"column\">\n\t\t\t<div class=\"elementor-widget-wrap elementor-element-populated\">\n\t\t\t\t\t\t<div class=\"elementor-element elementor-element-2c19f8a elementor-widget elementor-widget-bridge_portfolio_list\" data-id=\"2c19f8a\" data-element_type=\"widget\" data-e-type=\"widget\" data-widget_type=\"bridge_portfolio_list.default\">\n\t\t\t\t<div class=\"elementor-widget-container\">\n\t\t\t\t\t<div class='projects_holder_outer v4 portfolio_with_space portfolio_standard'>\n    \n    <div class='filter_outer'>\n        <div class='filter_holder'>\n            <ul>\n                                    <li class='filter' data-filter='all'>                        <span >Tot<\/span>\n                    <\/li>\n                \n                                                <li class='filter' data-filter='portfolio_category_36'>\n                                                        <span >Viola<\/span>\n                                    <\/li>\n                                                <li class='filter' data-filter='portfolio_category_35'>\n                                                        <span >Viol\u00ed<\/span>\n                                    <\/li>\n                                                <li class='filter' data-filter='portfolio_category_37'>\n                                                        <span >Violoncel<\/span>\n                                    <\/li>\n            \n            <\/ul>\n        <\/div>\n    <\/div>\n\n    <div class='projects_holder portfolio_main_holder clearfix v4 standard portfolio_portrait_image portfolio_one_by_one'>\n        \n        <article class='mix portfolio_category_35 default' style=''>\n    \n    \n    \n                <div class='image_holder'>\n                <a itemprop='url' class='portfolio_link_for_touch' href='https:\/\/blandinegaly.com\/ca\/instrumentos\/violi-vieux-paris-l-guersan\/' target='_self'>\n                    \n<span class='image'><img fetchpriority=\"high\" decoding=\"async\" width=\"600\" height=\"800\" src=\"https:\/\/blandinegaly.com\/wp-content\/uploads\/2025\/10\/Violin_viejo_Paris-600x800.jpg\" class=\"attachment-portfolio-portrait size-portfolio-portrait wp-post-image\" alt=\"\" \/><\/span>                <\/a>\n\n                <span class='text_holder'>\n    <span class='text_outer'>\n        <span class='text_inner'>\n            <span class='feature_holder'>\n                        <\/span>\n        <\/span>\n    <\/span>\n<\/span>            <\/div>\n                <div class='portfolio_description text_align_center' >\n\n        \n    <h4 itemprop=\"name\" class=\"portfolio_title entry_title\"><a itemprop=\"url\" href=\"https:\/\/blandinegaly.com\/ca\/instrumentos\/violi-vieux-paris-l-guersan\/\"  target=\"_self\"> Viol\u00ed \u00abVieux Paris\u00bb L. Guersan<\/a><\/h4>\n\n\n        \n            <span class=\"project_category\" style=\"color: #87251A\" >\n    Viol\u00ed    <\/span>\n\n    <\/div>\n        \n<\/article>\n<article class='mix portfolio_category_35 default' style=''>\n    \n    \n    \n                <div class='image_holder'>\n                <a itemprop='url' class='portfolio_link_for_touch' href='https:\/\/blandinegaly.com\/ca\/instrumentos\/violi-f-h-caussin\/' target='_self'>\n                    \n<span class='image'><img decoding=\"async\" width=\"600\" height=\"800\" src=\"https:\/\/blandinegaly.com\/wp-content\/uploads\/2025\/10\/Violin_frances_Caussin_1870_01-600x800.jpg\" class=\"attachment-portfolio-portrait size-portfolio-portrait wp-post-image\" alt=\"\" \/><\/span>                <\/a>\n\n                <span class='text_holder'>\n    <span class='text_outer'>\n        <span class='text_inner'>\n            <span class='feature_holder'>\n                        <\/span>\n        <\/span>\n    <\/span>\n<\/span>            <\/div>\n                <div class='portfolio_description text_align_center' >\n\n        \n    <h4 itemprop=\"name\" class=\"portfolio_title entry_title\"><a itemprop=\"url\" href=\"https:\/\/blandinegaly.com\/ca\/instrumentos\/violi-f-h-caussin\/\"  target=\"_self\"> Viol\u00ed F. H. Caussin<\/a><\/h4>\n\n\n        \n            <span class=\"project_category\" style=\"color: #87251A\" >\n    Viol\u00ed    <\/span>\n\n    <\/div>\n        \n<\/article>\n<article class='mix portfolio_category_35 default' style=''>\n    \n    \n    \n                <div class='image_holder'>\n                <a itemprop='url' class='portfolio_link_for_touch' href='https:\/\/blandinegaly.com\/ca\/instrumentos\/violi-model-guarnerius-del-gesu\/' target='_self'>\n                    \n<span class='image'><img decoding=\"async\" width=\"600\" height=\"800\" src=\"https:\/\/blandinegaly.com\/wp-content\/uploads\/2025\/10\/Violin_Guarnerius_Gesu_01-600x800.jpg\" class=\"attachment-portfolio-portrait size-portfolio-portrait wp-post-image\" alt=\"\" \/><\/span>                <\/a>\n\n                <span class='text_holder'>\n    <span class='text_outer'>\n        <span class='text_inner'>\n            <span class='feature_holder'>\n                        <\/span>\n        <\/span>\n    <\/span>\n<\/span>            <\/div>\n                <div class='portfolio_description text_align_center' >\n\n        \n    <h4 itemprop=\"name\" class=\"portfolio_title entry_title\"><a itemprop=\"url\" href=\"https:\/\/blandinegaly.com\/ca\/instrumentos\/violi-model-guarnerius-del-gesu\/\"  target=\"_self\"> Viol\u00ed model Guarnerius del Gesu<\/a><\/h4>\n\n\n        \n            <span class=\"project_category\" style=\"color: #87251A\" >\n    Viol\u00ed    <\/span>\n\n    <\/div>\n        \n<\/article>\n<article class='mix portfolio_category_35 default' style=''>\n    \n    \n    \n                <div class='image_holder'>\n                <a itemprop='url' class='portfolio_link_for_touch' href='https:\/\/blandinegaly.com\/ca\/instrumentos\/violi-m-mermillot\/' target='_self'>\n                    \n<span class='image'><img loading=\"lazy\" decoding=\"async\" width=\"600\" height=\"800\" src=\"https:\/\/blandinegaly.com\/wp-content\/uploads\/2025\/10\/Mermillot_01-600x800.jpg\" class=\"attachment-portfolio-portrait size-portfolio-portrait wp-post-image\" alt=\"\" \/><\/span>                <\/a>\n\n                <span class='text_holder'>\n    <span class='text_outer'>\n        <span class='text_inner'>\n            <span class='feature_holder'>\n                        <\/span>\n        <\/span>\n    <\/span>\n<\/span>            <\/div>\n                <div class='portfolio_description text_align_center' >\n\n        \n    <h4 itemprop=\"name\" class=\"portfolio_title entry_title\"><a itemprop=\"url\" href=\"https:\/\/blandinegaly.com\/ca\/instrumentos\/violi-m-mermillot\/\"  target=\"_self\"> Viol\u00ed M. Mermillot<\/a><\/h4>\n\n\n        \n            <span class=\"project_category\" style=\"color: #87251A\" >\n    Viol\u00ed    <\/span>\n\n    <\/div>\n        \n<\/article>\n<article class='mix portfolio_category_35 default' style=''>\n    \n    \n    \n                <div class='image_holder'>\n                <a itemprop='url' class='portfolio_link_for_touch' href='https:\/\/blandinegaly.com\/ca\/instrumentos\/violi-gamma-sagrada-familia-per-a-principiants\/' target='_self'>\n                    \n<span class='image'><img loading=\"lazy\" decoding=\"async\" width=\"600\" height=\"800\" src=\"https:\/\/blandinegaly.com\/wp-content\/uploads\/2025\/10\/Violin_Sagrada_Familia_01-600x800.jpg\" class=\"attachment-portfolio-portrait size-portfolio-portrait wp-post-image\" alt=\"\" \/><\/span>                <\/a>\n\n                <span class='text_holder'>\n    <span class='text_outer'>\n        <span class='text_inner'>\n            <span class='feature_holder'>\n                        <\/span>\n        <\/span>\n    <\/span>\n<\/span>            <\/div>\n                <div class='portfolio_description text_align_center' >\n\n        \n    <h4 itemprop=\"name\" class=\"portfolio_title entry_title\"><a itemprop=\"url\" href=\"https:\/\/blandinegaly.com\/ca\/instrumentos\/violi-gamma-sagrada-familia-per-a-principiants\/\"  target=\"_self\"> Viol\u00ed gamma \u00abSagrada Fam\u00edlia\u00bb per a principiants<\/a><\/h4>\n\n\n        \n            <span class=\"project_category\" style=\"color: #87251A\" >\n    Viol\u00ed    <\/span>\n\n    <\/div>\n        \n<\/article>\n<article class='mix portfolio_category_37 default' style=''>\n    \n    \n    \n                <div class='image_holder'>\n                <a itemprop='url' class='portfolio_link_for_touch' href='https:\/\/blandinegaly.com\/ca\/instrumentos\/violoncel-amati-mangenot-1953\/' target='_self'>\n                    \n<span class='image'><img loading=\"lazy\" decoding=\"async\" width=\"600\" height=\"800\" src=\"https:\/\/blandinegaly.com\/wp-content\/uploads\/2025\/10\/Violonchelo_Mangenot_1953_01-600x800.jpg\" class=\"attachment-portfolio-portrait size-portfolio-portrait wp-post-image\" alt=\"\" srcset=\"https:\/\/blandinegaly.com\/wp-content\/uploads\/2025\/10\/Violonchelo_Mangenot_1953_01-600x800.jpg 600w, https:\/\/blandinegaly.com\/wp-content\/uploads\/2025\/10\/Violonchelo_Mangenot_1953_01-225x300.jpg 225w, https:\/\/blandinegaly.com\/wp-content\/uploads\/2025\/10\/Violonchelo_Mangenot_1953_01-768x1024.jpg 768w, https:\/\/blandinegaly.com\/wp-content\/uploads\/2025\/10\/Violonchelo_Mangenot_1953_01-700x933.jpg 700w, https:\/\/blandinegaly.com\/wp-content\/uploads\/2025\/10\/Violonchelo_Mangenot_1953_01.jpg 810w\" sizes=\"(max-width: 600px) 100vw, 600px\" \/><\/span>                <\/a>\n\n                <span class='text_holder'>\n    <span class='text_outer'>\n        <span class='text_inner'>\n            <span class='feature_holder'>\n                        <\/span>\n        <\/span>\n    <\/span>\n<\/span>            <\/div>\n                <div class='portfolio_description text_align_center' >\n\n        \n    <h4 itemprop=\"name\" class=\"portfolio_title entry_title\"><a itemprop=\"url\" href=\"https:\/\/blandinegaly.com\/ca\/instrumentos\/violoncel-amati-mangenot-1953\/\"  target=\"_self\"> Violoncel Amati Mangenot, 1953<\/a><\/h4>\n\n\n        \n            <span class=\"project_category\" style=\"color: #87251A\" >\n    Violoncel    <\/span>\n\n    <\/div>\n        \n<\/article>\n<article class='mix portfolio_category_37 default' style=''>\n    \n    \n    \n                <div class='image_holder'>\n                <a itemprop='url' class='portfolio_link_for_touch' href='https:\/\/blandinegaly.com\/ca\/instrumentos\/violoncel-modern-atelier-dyle\/' target='_self'>\n                    \n<span class='image'><img loading=\"lazy\" decoding=\"async\" width=\"600\" height=\"800\" src=\"https:\/\/blandinegaly.com\/wp-content\/uploads\/2025\/10\/Violonchelo-moderno-taller-Belga-01-600x800.jpg\" class=\"attachment-portfolio-portrait size-portfolio-portrait wp-post-image\" alt=\"\" \/><\/span>                <\/a>\n\n                <span class='text_holder'>\n    <span class='text_outer'>\n        <span class='text_inner'>\n            <span class='feature_holder'>\n                        <\/span>\n        <\/span>\n    <\/span>\n<\/span>            <\/div>\n                <div class='portfolio_description text_align_center' >\n\n        \n    <h4 itemprop=\"name\" class=\"portfolio_title entry_title\"><a itemprop=\"url\" href=\"https:\/\/blandinegaly.com\/ca\/instrumentos\/violoncel-modern-atelier-dyle\/\"  target=\"_self\"> Violoncel modern \u2013 Atelier Dyle<\/a><\/h4>\n\n\n        \n            <span class=\"project_category\" style=\"color: #87251A\" >\n    Violoncel    <\/span>\n\n    <\/div>\n        \n<\/article>\n<article class='mix portfolio_category_37 default' style=''>\n    \n    \n    \n                <div class='image_holder'>\n                <a itemprop='url' class='portfolio_link_for_touch' href='https:\/\/blandinegaly.com\/ca\/instrumentos\/violoncel-antic-mirecourt\/' target='_self'>\n                    \n<span class='image'><img loading=\"lazy\" decoding=\"async\" width=\"567\" height=\"800\" src=\"https:\/\/blandinegaly.com\/wp-content\/uploads\/2025\/10\/Violonchelo_Mirecourt_01-567x800.jpg\" class=\"attachment-portfolio-portrait size-portfolio-portrait wp-post-image\" alt=\"\" \/><\/span>                <\/a>\n\n                <span class='text_holder'>\n    <span class='text_outer'>\n        <span class='text_inner'>\n            <span class='feature_holder'>\n                        <\/span>\n        <\/span>\n    <\/span>\n<\/span>            <\/div>\n                <div class='portfolio_description text_align_center' >\n\n        \n    <h4 itemprop=\"name\" class=\"portfolio_title entry_title\"><a itemprop=\"url\" href=\"https:\/\/blandinegaly.com\/ca\/instrumentos\/violoncel-antic-mirecourt\/\"  target=\"_self\"> Violoncel antic Mirecourt<\/a><\/h4>\n\n\n        \n            <span class=\"project_category\" style=\"color: #87251A\" >\n    Violoncel    <\/span>\n\n    <\/div>\n        \n<\/article>\n<article class='mix portfolio_category_35 default' style=''>\n    \n    \n    \n                <div class='image_holder'>\n                <a itemprop='url' class='portfolio_link_for_touch' href='https:\/\/blandinegaly.com\/ca\/instrumentos\/violi-model-petrus-guarnerius\/' target='_self'>\n                    \n<span class='image'><img loading=\"lazy\" decoding=\"async\" width=\"600\" height=\"800\" src=\"https:\/\/blandinegaly.com\/wp-content\/uploads\/2025\/10\/Violin_Petrus_Guarnerius_01-600x800.jpg\" class=\"attachment-portfolio-portrait size-portfolio-portrait wp-post-image\" alt=\"\" \/><\/span>                <\/a>\n\n                <span class='text_holder'>\n    <span class='text_outer'>\n        <span class='text_inner'>\n            <span class='feature_holder'>\n                        <\/span>\n        <\/span>\n    <\/span>\n<\/span>            <\/div>\n                <div class='portfolio_description text_align_center' >\n\n        \n    <h4 itemprop=\"name\" class=\"portfolio_title entry_title\"><a itemprop=\"url\" href=\"https:\/\/blandinegaly.com\/ca\/instrumentos\/violi-model-petrus-guarnerius\/\"  target=\"_self\"> Viol\u00ed model Petrus Guarnerius<\/a><\/h4>\n\n\n        \n            <span class=\"project_category\" style=\"color: #87251A\" >\n    Viol\u00ed    <\/span>\n\n    <\/div>\n        \n<\/article>\n<article class='mix portfolio_category_36 default' style=''>\n    \n    \n    \n                <div class='image_holder'>\n                <a itemprop='url' class='portfolio_link_for_touch' href='https:\/\/blandinegaly.com\/ca\/instrumentos\/viola-de-gamba-model-jaye\/' target='_self'>\n                    \n<span class='image'><img loading=\"lazy\" decoding=\"async\" width=\"600\" height=\"800\" src=\"https:\/\/blandinegaly.com\/wp-content\/uploads\/2025\/10\/Viola-gamba-jaye_01-600x800.jpg\" class=\"attachment-portfolio-portrait size-portfolio-portrait wp-post-image\" alt=\"\" \/><\/span>                <\/a>\n\n                <span class='text_holder'>\n    <span class='text_outer'>\n        <span class='text_inner'>\n            <span class='feature_holder'>\n                        <\/span>\n        <\/span>\n    <\/span>\n<\/span>            <\/div>\n                <div class='portfolio_description text_align_center' >\n\n        \n    <h4 itemprop=\"name\" class=\"portfolio_title entry_title\"><a itemprop=\"url\" href=\"https:\/\/blandinegaly.com\/ca\/instrumentos\/viola-de-gamba-model-jaye\/\"  target=\"_self\"> Viola de gamba model Jaye<\/a><\/h4>\n\n\n        \n            <span class=\"project_category\" style=\"color: #87251A\" >\n    Viola    <\/span>\n\n    <\/div>\n        \n<\/article>\n<article class='mix portfolio_category_37 default' style=''>\n    \n    \n    \n                <div class='image_holder'>\n                <a itemprop='url' class='portfolio_link_for_touch' href='https:\/\/blandinegaly.com\/ca\/instrumentos\/violoncel-nicolas-vuillaume-1800\/' target='_self'>\n                    \n<span class='image'><img loading=\"lazy\" decoding=\"async\" width=\"600\" height=\"800\" src=\"https:\/\/blandinegaly.com\/wp-content\/uploads\/2025\/10\/Violonchelo-Nicolas-Vuillaume-1-683x1024-2-600x800.jpg\" class=\"attachment-portfolio-portrait size-portfolio-portrait wp-post-image\" alt=\"\" \/><\/span>                <\/a>\n\n                <span class='text_holder'>\n    <span class='text_outer'>\n        <span class='text_inner'>\n            <span class='feature_holder'>\n                        <\/span>\n        <\/span>\n    <\/span>\n<\/span>            <\/div>\n                <div class='portfolio_description text_align_center' >\n\n        \n    <h4 itemprop=\"name\" class=\"portfolio_title entry_title\"><a itemprop=\"url\" href=\"https:\/\/blandinegaly.com\/ca\/instrumentos\/violoncel-nicolas-vuillaume-1800\/\"  target=\"_self\"> Violoncel Nicolas Vuillaume, 1800<\/a><\/h4>\n\n\n        \n            <span class=\"project_category\" style=\"color: #87251A\" >\n    Violoncel    <\/span>\n\n    <\/div>\n        \n<\/article>\n<article class='mix portfolio_category_37 large_width' style=''>\n    \n    \n    \n                <div class='image_holder'>\n                <a itemprop='url' class='portfolio_link_for_touch' href='https:\/\/blandinegaly.com\/ca\/instrumentos\/violoncelo-model-gagliano\/' target='_self'>\n                    \n<span class='image'><img loading=\"lazy\" decoding=\"async\" width=\"600\" height=\"800\" src=\"https:\/\/blandinegaly.com\/wp-content\/uploads\/2025\/10\/Violonchelo_Gagliano_1704_01-600x800.jpg\" class=\"attachment-portfolio-portrait size-portfolio-portrait wp-post-image\" alt=\"\" \/><\/span>                <\/a>\n\n                <span class='text_holder'>\n    <span class='text_outer'>\n        <span class='text_inner'>\n            <span class='feature_holder'>\n                        <\/span>\n        <\/span>\n    <\/span>\n<\/span>            <\/div>\n                <div class='portfolio_description text_align_center' >\n\n        \n    <h4 itemprop=\"name\" class=\"portfolio_title entry_title\"><a itemprop=\"url\" href=\"https:\/\/blandinegaly.com\/ca\/instrumentos\/violoncelo-model-gagliano\/\"  target=\"_self\"> Violoncelo model Gagliano<\/a><\/h4>\n\n\n        \n            <span class=\"project_category\" style=\"color: #87251A\" >\n    Violoncel    <\/span>\n\n    <\/div>\n        \n<\/article>\n        <div class='filler'><\/div>\n            <div class='filler'><\/div>\n            <div class='filler'><\/div>\n            <div class='filler'><\/div>\n        <\/div>\n\n    \n    <\/div>\t\t\t\t<\/div>\n\t\t\t\t<\/div>\n\t\t\t\t\t<\/div>\n\t\t<\/div>\n\t\t\t\t\t<\/div>\n\t\t<\/section>\n\t\t\t\t<section class=\"elementor-section elementor-top-section elementor-element elementor-element-e9cdb5c qode_elementor_container_inner elementor-section-boxed elementor-section-height-default elementor-section-height-default parallax_section_no\" data-id=\"e9cdb5c\" data-element_type=\"section\" data-e-type=\"section\">\n\t\t\t\t\t\t<div class=\"elementor-container elementor-column-gap-no\">\n\t\t\t\t\t<div class=\"elementor-column elementor-col-50 elementor-top-column elementor-element elementor-element-8b60e26\" data-id=\"8b60e26\" data-element_type=\"column\" data-e-type=\"column\">\n\t\t\t<div class=\"elementor-widget-wrap elementor-element-populated\">\n\t\t\t\t\t\t<div class=\"elementor-element elementor-element-14dcda9 elementor-widget__width-inherit elementor-widget elementor-widget-image\" data-id=\"14dcda9\" data-element_type=\"widget\" data-e-type=\"widget\" data-widget_type=\"image.default\">\n\t\t\t\t\t\t\t\t\t\t\t\t\t\t\t<img loading=\"lazy\" decoding=\"async\" width=\"1024\" height=\"683\" src=\"https:\/\/blandinegaly.com\/wp-content\/uploads\/2025\/09\/taller_blandine_galy_luthier-1024x683.jpg\" class=\"attachment-large size-large wp-image-842\" alt=\"\" srcset=\"https:\/\/blandinegaly.com\/wp-content\/uploads\/2025\/09\/taller_blandine_galy_luthier-1024x683.jpg 1024w, https:\/\/blandinegaly.com\/wp-content\/uploads\/2025\/09\/taller_blandine_galy_luthier-300x200.jpg 300w, https:\/\/blandinegaly.com\/wp-content\/uploads\/2025\/09\/taller_blandine_galy_luthier-768x512.jpg 768w, https:\/\/blandinegaly.com\/wp-content\/uploads\/2025\/09\/taller_blandine_galy_luthier-1536x1024.jpg 1536w, https:\/\/blandinegaly.com\/wp-content\/uploads\/2025\/09\/taller_blandine_galy_luthier-2048x1366.jpg 2048w, https:\/\/blandinegaly.com\/wp-content\/uploads\/2025\/09\/taller_blandine_galy_luthier-700x467.jpg 700w\" sizes=\"(max-width: 1024px) 100vw, 1024px\" \/>\t\t\t\t\t\t\t\t\t\t\t\t\t\t\t<\/div>\n\t\t\t\t\t<\/div>\n\t\t<\/div>\n\t\t\t\t<div class=\"elementor-column elementor-col-50 elementor-top-column elementor-element elementor-element-a9b2477\" data-id=\"a9b2477\" data-element_type=\"column\" data-e-type=\"column\">\n\t\t\t<div class=\"elementor-widget-wrap elementor-element-populated\">\n\t\t\t\t\t\t<div class=\"elementor-element elementor-element-e5bfbf5 elementor-widget elementor-widget-bridge_icon\" data-id=\"e5bfbf5\" data-element_type=\"widget\" data-e-type=\"widget\" data-widget_type=\"bridge_icon.default\">\n\t\t\t\t<div class=\"elementor-widget-container\">\n\t\t\t\t\t<span data-type=\"normal\" data-hover-icon-color=\"#87251A\" class=\"qode_icon_shortcode  q_font_awsome_icon fa-3x pull-left \" style=\" \"><span aria-hidden=\"true\" class=\"qode_icon_font_elegant icon_quotations qode_icon_element\" style=\"color: #87251A;\" ><\/span><\/span>\t\t\t\t<\/div>\n\t\t\t\t<\/div>\n\t\t\t\t<div class=\"elementor-element elementor-element-b9ee55c elementor-widget elementor-widget-text-editor\" data-id=\"b9ee55c\" data-element_type=\"widget\" data-e-type=\"widget\" data-widget_type=\"text-editor.default\">\n\t\t\t\t\t\t\t\t\t<h4>Busco la perfecci\u00f3 en el meu treball, prenent el temps necessari i treballant segons la tradici\u00f3 de les escoles franceses i italianes.<\/h4>\t\t\t\t\t\t\t\t<\/div>\n\t\t\t\t<div class=\"elementor-element elementor-element-a9cc21c elementor-widget elementor-widget-text-editor\" data-id=\"a9cc21c\" data-element_type=\"widget\" data-e-type=\"widget\" data-widget_type=\"text-editor.default\">\n\t\t\t\t\t\t\t\t\t<h5>Blandine Galy<\/h5>\t\t\t\t\t\t\t\t<\/div>\n\t\t\t\t\t<\/div>\n\t\t<\/div>\n\t\t\t\t\t<\/div>\n\t\t<\/section>\n\t\t\t\t<\/div>\n\t\t","protected":false},"excerpt":{"rendered":"<p>Cat\u00e0leg Instruments en venda Som una botiga i taller especialitzats en la fabricaci\u00f3 i venda de violins, violes i violoncels. Fabriquem per enc\u00e0rrec, adaptant-nos a l&#8217;estil i les prefer\u00e8ncies de cada int\u00e8rpret. A m\u00e9s d&#8217;instruments, trobar\u00e0s tamb\u00e9 tots els accessoris necessaris per al seu \u00fas&#8230;<\/p>\n","protected":false},"author":2,"featured_media":0,"parent":0,"menu_order":0,"comment_status":"closed","ping_status":"closed","template":"full_width.php","meta":{"footnotes":""},"class_list":["post-890","page","type-page","status-publish","hentry"],"_links":{"self":[{"href":"https:\/\/blandinegaly.com\/ca\/wp-json\/wp\/v2\/pages\/890","targetHints":{"allow":["GET"]}}],"collection":[{"href":"https:\/\/blandinegaly.com\/ca\/wp-json\/wp\/v2\/pages"}],"about":[{"href":"https:\/\/blandinegaly.com\/ca\/wp-json\/wp\/v2\/types\/page"}],"author":[{"embeddable":true,"href":"https:\/\/blandinegaly.com\/ca\/wp-json\/wp\/v2\/users\/2"}],"replies":[{"embeddable":true,"href":"https:\/\/blandinegaly.com\/ca\/wp-json\/wp\/v2\/comments?post=890"}],"version-history":[{"count":1,"href":"https:\/\/blandinegaly.com\/ca\/wp-json\/wp\/v2\/pages\/890\/revisions"}],"predecessor-version":[{"id":891,"href":"https:\/\/blandinegaly.com\/ca\/wp-json\/wp\/v2\/pages\/890\/revisions\/891"}],"wp:attachment":[{"href":"https:\/\/blandinegaly.com\/ca\/wp-json\/wp\/v2\/media?parent=890"}],"curies":[{"name":"wp","href":"https:\/\/api.w.org\/{rel}","templated":true}]}}