{"id":867,"date":"2025-10-03T12:31:43","date_gmt":"2025-10-03T10:31:43","guid":{"rendered":"https:\/\/blandinegaly.com\/serveis\/reparacio-i-restauracio\/"},"modified":"2026-03-26T11:23:29","modified_gmt":"2026-03-26T10:23:29","slug":"reparacio-i-restauracio","status":"publish","type":"page","link":"https:\/\/blandinegaly.com\/ca\/serveis\/reparacio-i-restauracio\/","title":{"rendered":"Reparaci\u00f3 i restauraci\u00f3"},"content":{"rendered":"\t\t<div data-elementor-type=\"wp-page\" data-elementor-id=\"867\" class=\"elementor elementor-867 elementor-487\">\n\t\t\t\t\t\t<section class=\"elementor-section elementor-top-section elementor-element elementor-element-dacd0d9 qode_elementor_container_inner elementor-section-boxed elementor-section-height-default elementor-section-height-default parallax_section_no\" data-id=\"dacd0d9\" data-element_type=\"section\" data-e-type=\"section\">\n\t\t\t\t\t\t<div class=\"elementor-container elementor-column-gap-no\">\n\t\t\t\t\t<div class=\"elementor-column elementor-col-66 elementor-top-column elementor-element elementor-element-6eb9431\" data-id=\"6eb9431\" data-element_type=\"column\" data-e-type=\"column\">\n\t\t\t<div class=\"elementor-widget-wrap elementor-element-populated\">\n\t\t\t\t\t\t<div class=\"elementor-element elementor-element-e76b8ca elementor-widget elementor-widget-text-editor\" data-id=\"e76b8ca\" data-element_type=\"widget\" data-e-type=\"widget\" data-widget_type=\"text-editor.default\">\n\t\t\t\t\t\t\t\t\t<h4>Servei<\/h4>\t\t\t\t\t\t\t\t<\/div>\n\t\t\t\t<div class=\"elementor-element elementor-element-77be080 elementor-widget elementor-widget-heading\" data-id=\"77be080\" data-element_type=\"widget\" data-e-type=\"widget\" data-widget_type=\"heading.default\">\n\t\t\t\t\t<h1 class=\"elementor-heading-title elementor-size-default\">Restauraci\u00f3n i reparaci\u00f3 de violins<\/h1>\t\t\t\t<\/div>\n\t\t\t\t\t<\/div>\n\t\t<\/div>\n\t\t\t\t<div class=\"elementor-column elementor-col-33 elementor-top-column elementor-element elementor-element-8ac4e14\" data-id=\"8ac4e14\" data-element_type=\"column\" data-e-type=\"column\">\n\t\t\t<div class=\"elementor-widget-wrap elementor-element-populated\">\n\t\t\t\t\t\t<div class=\"elementor-element elementor-element-063889e elementor-widget elementor-widget-spacer\" data-id=\"063889e\" data-element_type=\"widget\" data-e-type=\"widget\" data-widget_type=\"spacer.default\">\n\t\t\t\t\t\t\t<div class=\"elementor-spacer\">\n\t\t\t<div class=\"elementor-spacer-inner\"><\/div>\n\t\t<\/div>\n\t\t\t\t\t\t<\/div>\n\t\t\t\t\t<\/div>\n\t\t<\/div>\n\t\t\t\t\t<\/div>\n\t\t<\/section>\n\t\t\t\t<section class=\"elementor-section elementor-top-section elementor-element elementor-element-e1ae138 qode_elementor_container_inner elementor-section-content-bottom elementor-section-boxed elementor-section-height-default elementor-section-height-default parallax_section_no\" data-id=\"e1ae138\" data-element_type=\"section\" data-e-type=\"section\">\n\t\t\t\t\t\t<div class=\"elementor-container elementor-column-gap-no\">\n\t\t\t\t\t<div class=\"elementor-column elementor-col-33 elementor-top-column elementor-element elementor-element-cecdc11\" data-id=\"cecdc11\" data-element_type=\"column\" data-e-type=\"column\">\n\t\t\t<div class=\"elementor-widget-wrap elementor-element-populated\">\n\t\t\t\t\t\t<div class=\"elementor-element elementor-element-f723cf4 elementor-widget elementor-widget-image\" data-id=\"f723cf4\" data-element_type=\"widget\" data-e-type=\"widget\" data-widget_type=\"image.default\">\n\t\t\t\t\t\t\t\t\t\t\t\t\t\t\t<img fetchpriority=\"high\" decoding=\"async\" width=\"1024\" height=\"683\" src=\"https:\/\/blandinegaly.com\/wp-content\/uploads\/2026\/02\/DSC_0915-1024x683.jpg\" class=\"attachment-large size-large wp-image-865\" alt=\"\" srcset=\"https:\/\/blandinegaly.com\/wp-content\/uploads\/2026\/02\/DSC_0915-1024x683.jpg 1024w, https:\/\/blandinegaly.com\/wp-content\/uploads\/2026\/02\/DSC_0915-300x200.jpg 300w, https:\/\/blandinegaly.com\/wp-content\/uploads\/2026\/02\/DSC_0915-768x512.jpg 768w, https:\/\/blandinegaly.com\/wp-content\/uploads\/2026\/02\/DSC_0915-1536x1024.jpg 1536w, https:\/\/blandinegaly.com\/wp-content\/uploads\/2026\/02\/DSC_0915-2048x1365.jpg 2048w, https:\/\/blandinegaly.com\/wp-content\/uploads\/2026\/02\/DSC_0915-700x467.jpg 700w\" sizes=\"(max-width: 1024px) 100vw, 1024px\" \/>\t\t\t\t\t\t\t\t\t\t\t\t\t\t\t<\/div>\n\t\t\t\t\t<\/div>\n\t\t<\/div>\n\t\t\t\t<div class=\"elementor-column elementor-col-66 elementor-top-column elementor-element elementor-element-c99aebe\" data-id=\"c99aebe\" data-element_type=\"column\" data-e-type=\"column\">\n\t\t\t<div class=\"elementor-widget-wrap elementor-element-populated\">\n\t\t\t\t\t\t<div class=\"elementor-element elementor-element-6a727b5 elementor-widget elementor-widget-text-editor\" data-id=\"6a727b5\" data-element_type=\"widget\" data-e-type=\"widget\" data-widget_type=\"text-editor.default\">\n\t\t\t\t\t\t\t\t\t<p data-start=\"212\" data-end=\"468\">Al nostre taller oferim un <strong data-start=\"243\" data-end=\"308\">servei complet de reparaci\u00f3, restauraci\u00f3 i manteniment <\/strong>de <strong data-start=\"312\" data-end=\"347\">violins, violes i violoncels<\/strong>. Ajustem i regulem cada instrument per respondre a les exig\u00e8ncies espec\u00edfiques de cada m\u00fasic i optimitzar el seu so. <\/p><p data-start=\"470\" data-end=\"746\">Creiem en una <strong data-start=\"485\" data-end=\"534\">relaci\u00f3 de confian\u00e7a i di\u00e0le<\/strong>g amb el m\u00fasic, basada en l&#8217;escolta, la transpar\u00e8ncia i la disponibilitat. Cada restauraci\u00f3 comen\u00e7a amb una conversa per definir l&#8217;enfocament adequat, despr\u00e9s de la qual oferim un <strong data-start=\"704\" data-end=\"745\">pressupost gratu\u00eft i sense comprom\u00eds<\/strong>. <\/p><p data-start=\"748\" data-end=\"1118\">La restauraci\u00f3 d\u2019un viol\u00ed, viola o violoncel \u00e9s un <strong data-start=\"804\" data-end=\"860\">art que exigeix precisi\u00f3, experi\u00e8ncia i sensibilitat<\/strong>. Una bona intervenci\u00f3 no ha de deixar rastre visible ni alterar el car\u00e0cter sonor de l&#8217;instrument. Amb anys d&#8217;experi\u00e8ncia al darrere, treballem tant amb instruments moderns com antics, sigui per deteriorament natural sigui per danys accidentals.  <\/p><p data-start=\"748\" data-end=\"1118\">La nostra filosofia de treball neix d&#8217;una <strong data-start=\"1161\" data-end=\"1197\">formaci\u00f3 tradicional i rigorosa<\/strong>, hereva dels antics m\u00e8todes de transmissi\u00f3 de l&#8217;ofici: l&#8217;alumne aprenia al costat del mestre fins que estava llest per volar pel seu compte. Jo vaig tenir l&#8217;enorme sort d&#8217;aprendre sota aquest model, i de rebre l&#8217;ensenyament i la generositat del meu mestre lutier, <strong data-start=\"1459\" data-end=\"1476\">Laurent Lopez<\/strong>, de qui conservo cada consell com a part essencial de la meva pr\u00e0ctica. <\/p>\t\t\t\t\t\t\t\t<\/div>\n\t\t\t\t\t<\/div>\n\t\t<\/div>\n\t\t\t\t\t<\/div>\n\t\t<\/section>\n\t\t\t\t<section class=\"elementor-section elementor-top-section elementor-element elementor-element-e9cdb5c qode_elementor_container_inner elementor-section-boxed elementor-section-height-default elementor-section-height-default parallax_section_no\" data-id=\"e9cdb5c\" data-element_type=\"section\" data-e-type=\"section\">\n\t\t\t\t\t\t<div class=\"elementor-container elementor-column-gap-default\">\n\t\t\t\t\t<div class=\"elementor-column elementor-col-100 elementor-top-column elementor-element elementor-element-daf8f78\" data-id=\"daf8f78\" data-element_type=\"column\" data-e-type=\"column\">\n\t\t\t<div class=\"elementor-widget-wrap elementor-element-populated\">\n\t\t\t\t\t\t<div class=\"elementor-element elementor-element-7dcdd27 elementor-widget-divider--view-line elementor-widget elementor-widget-divider\" data-id=\"7dcdd27\" data-element_type=\"widget\" data-e-type=\"widget\" data-widget_type=\"divider.default\">\n\t\t\t\t\t\t\t<div class=\"elementor-divider\">\n\t\t\t<span class=\"elementor-divider-separator\">\n\t\t\t\t\t\t<\/span>\n\t\t<\/div>\n\t\t\t\t\t\t<\/div>\n\t\t\t\t\t<\/div>\n\t\t<\/div>\n\t\t\t\t\t<\/div>\n\t\t<\/section>\n\t\t\t\t<section class=\"elementor-section elementor-top-section elementor-element elementor-element-b892cdf qode_elementor_container_inner elementor-section-content-top elementor-section-boxed elementor-section-height-default elementor-section-height-default parallax_section_no\" data-id=\"b892cdf\" data-element_type=\"section\" data-e-type=\"section\">\n\t\t\t\t\t\t<div class=\"elementor-container elementor-column-gap-wide\">\n\t\t\t\t\t<div class=\"elementor-column elementor-col-50 elementor-top-column elementor-element elementor-element-1bfbd14\" data-id=\"1bfbd14\" data-element_type=\"column\" data-e-type=\"column\">\n\t\t\t<div class=\"elementor-widget-wrap elementor-element-populated\">\n\t\t\t\t\t\t<div class=\"elementor-element elementor-element-4d2301d elementor-widget elementor-widget-heading\" data-id=\"4d2301d\" data-element_type=\"widget\" data-e-type=\"widget\" data-widget_type=\"heading.default\">\n\t\t\t\t\t<h3 class=\"elementor-heading-title elementor-size-default\">Servei de Tomografia<\/h3>\t\t\t\t<\/div>\n\t\t\t\t<div class=\"elementor-element elementor-element-1b30ecf elementor-widget elementor-widget-heading\" data-id=\"1b30ecf\" data-element_type=\"widget\" data-e-type=\"widget\" data-widget_type=\"heading.default\">\n\t\t\t\t\t<h4 class=\"elementor-heading-title elementor-size-default\">per a viol\u00ed, viola i violoncel<\/h4>\t\t\t\t<\/div>\n\t\t\t\t<div class=\"elementor-element elementor-element-82bdc6a elementor-widget elementor-widget-spacer\" data-id=\"82bdc6a\" data-element_type=\"widget\" data-e-type=\"widget\" data-widget_type=\"spacer.default\">\n\t\t\t\t\t\t\t<div class=\"elementor-spacer\">\n\t\t\t<div class=\"elementor-spacer-inner\"><\/div>\n\t\t<\/div>\n\t\t\t\t\t\t<\/div>\n\t\t\t\t<div class=\"elementor-element elementor-element-76db024 elementor-widget elementor-widget-text-editor\" data-id=\"76db024\" data-element_type=\"widget\" data-e-type=\"widget\" data-widget_type=\"text-editor.default\">\n\t\t\t\t\t\t\t\t\t<p data-start=\"149\" data-end=\"422\">Al nostre taller oferim un <strong data-start=\"180\" data-end=\"239\">servei de tomografia per a viol\u00ed, viola i violoncel<\/strong>, una t\u00e8cnica d\u2019<strong data-start=\"256\" data-end=\"285\">inspecci\u00f3 no destructiva<\/strong> inspirada en la imatge m\u00e8dica, que permet obtenir v\u00eddeos i talls de raigs X de l&#8217;<strong data-start=\"337\" data-end=\"396\">interior de l&#8217;instrument<\/strong> sense necessitat d\u2019obrir-lo.<\/p><p data-start=\"424\" data-end=\"586\">Aquesta tecnologia avan\u00e7ada permet observar tant la superf\u00edcie interna com l&#8217;estructura profunda de la fusta, la qual cosa la converteix en una eina ideal per:<\/p><ul><li data-start=\"424\" data-end=\"586\"><strong data-start=\"590\" data-end=\"623\">Avaluar l\u2019estat estructural<\/strong> d\u2019instruments de gran valor, antics o moderns.<\/li><li data-start=\"424\" data-end=\"586\"><strong data-start=\"680\" data-end=\"709\">Planificar restauracions<\/strong> amb precisi\u00f3, minimitzant riscos.<\/li><li data-start=\"424\" data-end=\"586\"><strong data-start=\"750\" data-end=\"782\">Aportar documentaci\u00f3 fiable<\/strong> de l&#8217;estat intern de l&#8217;instrument en cas de venda.<\/li><\/ul><p data-start=\"837\" data-end=\"946\">En acabar aquest estudi, us lliurem un <strong data-start=\"876\" data-end=\"929\">informe detallat sobre la integritat estructural<\/strong> de l\u2019instrument.<\/p><p data-start=\"837\" data-end=\"946\">Podeu <strong data-start=\"955\" data-end=\"998\">sol\u00b7licitar-nos un pressupost sense comprom\u00ed<\/strong>s o venir directament al taller per veure exemples dels resultats que aquesta t\u00e8cnica pot oferir en l&#8217;avaluaci\u00f3 del vostre viol\u00ed, viola o violoncel.<\/p>\t\t\t\t\t\t\t\t<\/div>\n\t\t\t\t\t<\/div>\n\t\t<\/div>\n\t\t\t\t<div class=\"elementor-column elementor-col-50 elementor-top-column elementor-element elementor-element-587c9a5\" data-id=\"587c9a5\" data-element_type=\"column\" data-e-type=\"column\" data-settings=\"{&quot;background_background&quot;:&quot;classic&quot;}\">\n\t\t\t<div class=\"elementor-widget-wrap elementor-element-populated\">\n\t\t\t\t\t\t<div class=\"elementor-element elementor-element-d99e23b elementor-widget elementor-widget-image\" data-id=\"d99e23b\" data-element_type=\"widget\" data-e-type=\"widget\" data-widget_type=\"image.default\">\n\t\t\t\t\t\t\t\t\t\t\t\t\t\t\t<img decoding=\"async\" width=\"574\" height=\"470\" src=\"https:\/\/blandinegaly.com\/wp-content\/uploads\/2026\/03\/violonchelo-tomography.jpg\" class=\"attachment-large size-large wp-image-866\" alt=\"\" srcset=\"https:\/\/blandinegaly.com\/wp-content\/uploads\/2026\/03\/violonchelo-tomography.jpg 574w, https:\/\/blandinegaly.com\/wp-content\/uploads\/2026\/03\/violonchelo-tomography-300x246.jpg 300w\" sizes=\"(max-width: 574px) 100vw, 574px\" \/>\t\t\t\t\t\t\t\t\t\t\t\t\t\t\t<\/div>\n\t\t\t\t\t<\/div>\n\t\t<\/div>\n\t\t\t\t\t<\/div>\n\t\t<\/section>\n\t\t\t\t<section class=\"elementor-section elementor-top-section elementor-element elementor-element-2c1f0ab qode_elementor_container_inner elementor-section-content-middle elementor-section-boxed elementor-section-height-default elementor-section-height-default parallax_section_no\" data-id=\"2c1f0ab\" data-element_type=\"section\" data-e-type=\"section\">\n\t\t\t\t\t\t<div class=\"elementor-container elementor-column-gap-default\">\n\t\t\t\t\t<div class=\"elementor-column elementor-col-100 elementor-top-column elementor-element elementor-element-7ccb328\" data-id=\"7ccb328\" data-element_type=\"column\" data-e-type=\"column\">\n\t\t\t<div class=\"elementor-widget-wrap elementor-element-populated\">\n\t\t\t\t\t\t<div class=\"elementor-element elementor-element-bae381d elementor-widget elementor-widget-heading\" data-id=\"bae381d\" data-element_type=\"widget\" data-e-type=\"widget\" data-widget_type=\"heading.default\">\n\t\t\t\t\t<h5 class=\"elementor-heading-title elementor-size-default\">Casos d'\u00e8xit<\/h5>\t\t\t\t<\/div>\n\t\t\t\t<div class=\"elementor-element elementor-element-12a9a6c elementor-widget elementor-widget-bridge_latest_posts\" data-id=\"12a9a6c\" data-element_type=\"widget\" data-e-type=\"widget\" data-widget_type=\"bridge_latest_posts.default\">\n\t\t\t\t<div class=\"elementor-widget-container\">\n\t\t\t\t\t\n<div class='latest_post_holder boxes three_columns one_row' >\n    <ul>\n    \n        <li class=\"clearfix\">\n            <div class=\"boxes_image\">\n                                <a itemprop=\"url\" href=\"https:\/\/blandinegaly.com\/ca\/encastre-de-capcal-violi-italia-del-s-xviii\/\"><img decoding=\"async\" width=\"539\" height=\"303\" src=\"https:\/\/blandinegaly.com\/wp-content\/uploads\/2025\/10\/DSC_0243-539x303.jpg\" class=\"attachment-latest_post_boxes size-latest_post_boxes wp-post-image\" alt=\"\" \/><\/a>\n            <\/div>\n            <div class=\"latest_post\"  >\n                <div class=\"latest_post_text\">\n                    <div class=\"latest_post_inner\">\n                        <div class=\"latest_post_text_inner\">\n                            <h4 itemprop=\"name\" class=\"latest_post_title entry_title\"><a itemprop=\"url\" href=\"https:\/\/blandinegaly.com\/ca\/encastre-de-capcal-violi-italia-del-s-xviii\/\">Encastre de Cap\u00e7al \u2013 Viol\u00ed Itali\u00e0 del s. XVIII<\/a><\/h4>\n                            <p class=\"excerpt\">En aquestes imatges es pot apreciar l&#8217;encastre del cap\u00e7al realitzat en un ...<\/p>\n                            <span class=\"post_infos\">\n                                                                    <span class=\"date_hour_holder\">\n                                        <span itemprop=\"dateCreated\" class=\"date entry_date updated\">03 octubre, 2025 <meta itemprop=\"interactionCount\" content=\"UserComments: 0\"\/><\/span>\n                                    <\/span>\n                                                                                                \n                                \n                                                            <\/span>\n                        <\/div>\n                    <\/div>\n                <\/div>\n            <\/div>\n        <\/li>\n    \n        <li class=\"clearfix\">\n            <div class=\"boxes_image\">\n                                <a itemprop=\"url\" href=\"https:\/\/blandinegaly.com\/ca\/restauracio-del-celo-de-nicolas-vuillaume\/\"><img loading=\"lazy\" decoding=\"async\" width=\"539\" height=\"303\" src=\"https:\/\/blandinegaly.com\/wp-content\/uploads\/2025\/10\/Violonchelo-Nicolas-Vuillaume-1-683x1024-1-539x303.jpg\" class=\"attachment-latest_post_boxes size-latest_post_boxes wp-post-image\" alt=\"\" \/><\/a>\n            <\/div>\n            <div class=\"latest_post\"  >\n                <div class=\"latest_post_text\">\n                    <div class=\"latest_post_inner\">\n                        <div class=\"latest_post_text_inner\">\n                            <h4 itemprop=\"name\" class=\"latest_post_title entry_title\"><a itemprop=\"url\" href=\"https:\/\/blandinegaly.com\/ca\/restauracio-del-celo-de-nicolas-vuillaume\/\">Restauraci\u00f3 del celo de Nicolas Vuillaume<\/a><\/h4>\n                            <p class=\"excerpt\">Estem duent a terme la restauraci\u00f3 d\u2019un violoncel del lutier Nicolas Vuillaume, ...<\/p>\n                            <span class=\"post_infos\">\n                                                                    <span class=\"date_hour_holder\">\n                                        <span itemprop=\"dateCreated\" class=\"date entry_date updated\">01 desembre, 2021 <meta itemprop=\"interactionCount\" content=\"UserComments: 0\"\/><\/span>\n                                    <\/span>\n                                                                                                \n                                \n                                                            <\/span>\n                        <\/div>\n                    <\/div>\n                <\/div>\n            <\/div>\n        <\/li>\n    \n        <li class=\"clearfix\">\n            <div class=\"boxes_image\">\n                                <a itemprop=\"url\" href=\"https:\/\/blandinegaly.com\/ca\/restauracio-dun-violi-alemany-de-1742\/\"><img loading=\"lazy\" decoding=\"async\" width=\"539\" height=\"303\" src=\"https:\/\/blandinegaly.com\/wp-content\/uploads\/2025\/10\/restauracion-violin-aleman-siglo-xviii17-578x1024-1-e1759492582693-539x303.jpg\" class=\"attachment-latest_post_boxes size-latest_post_boxes wp-post-image\" alt=\"\" \/><\/a>\n            <\/div>\n            <div class=\"latest_post\"  >\n                <div class=\"latest_post_text\">\n                    <div class=\"latest_post_inner\">\n                        <div class=\"latest_post_text_inner\">\n                            <h4 itemprop=\"name\" class=\"latest_post_title entry_title\"><a itemprop=\"url\" href=\"https:\/\/blandinegaly.com\/ca\/restauracio-dun-violi-alemany-de-1742\/\">Restauraci\u00f3 d&#8217;un viol\u00ed alemany de 1742<\/a><\/h4>\n                            <p class=\"excerpt\">Compartim algunes imatges que documenten el proc\u00e9s de restauraci\u00f3 d&#8217;un vio...<\/p>\n                            <span class=\"post_infos\">\n                                                                    <span class=\"date_hour_holder\">\n                                        <span itemprop=\"dateCreated\" class=\"date entry_date updated\">15 setembre, 2018 <meta itemprop=\"interactionCount\" content=\"UserComments: 0\"\/><\/span>\n                                    <\/span>\n                                                                                                \n                                \n                                                            <\/span>\n                        <\/div>\n                    <\/div>\n                <\/div>\n            <\/div>\n        <\/li>\n        <\/ul>\n<\/div>\t\t\t\t<\/div>\n\t\t\t\t<\/div>\n\t\t\t\t\t<\/div>\n\t\t<\/div>\n\t\t\t\t\t<\/div>\n\t\t<\/section>\n\t\t\t\t<\/div>\n\t\t","protected":false},"excerpt":{"rendered":"<p>Servei Restauraci\u00f3n i reparaci\u00f3 de violins Al nostre taller oferim un servei complet de reparaci\u00f3, restauraci\u00f3 i manteniment de violins, violes i violoncels. Ajustem i regulem cada instrument per respondre a les exig\u00e8ncies espec\u00edfiques de cada m\u00fasic i optimitzar el seu so. Creiem en una&#8230;<\/p>\n","protected":false},"author":2,"featured_media":0,"parent":854,"menu_order":0,"comment_status":"closed","ping_status":"closed","template":"full_width.php","meta":{"footnotes":""},"class_list":["post-867","page","type-page","status-publish","hentry"],"_links":{"self":[{"href":"https:\/\/blandinegaly.com\/ca\/wp-json\/wp\/v2\/pages\/867","targetHints":{"allow":["GET"]}}],"collection":[{"href":"https:\/\/blandinegaly.com\/ca\/wp-json\/wp\/v2\/pages"}],"about":[{"href":"https:\/\/blandinegaly.com\/ca\/wp-json\/wp\/v2\/types\/page"}],"author":[{"embeddable":true,"href":"https:\/\/blandinegaly.com\/ca\/wp-json\/wp\/v2\/users\/2"}],"replies":[{"embeddable":true,"href":"https:\/\/blandinegaly.com\/ca\/wp-json\/wp\/v2\/comments?post=867"}],"version-history":[{"count":1,"href":"https:\/\/blandinegaly.com\/ca\/wp-json\/wp\/v2\/pages\/867\/revisions"}],"predecessor-version":[{"id":870,"href":"https:\/\/blandinegaly.com\/ca\/wp-json\/wp\/v2\/pages\/867\/revisions\/870"}],"up":[{"embeddable":true,"href":"https:\/\/blandinegaly.com\/ca\/wp-json\/wp\/v2\/pages\/854"}],"wp:attachment":[{"href":"https:\/\/blandinegaly.com\/ca\/wp-json\/wp\/v2\/media?parent=867"}],"curies":[{"name":"wp","href":"https:\/\/api.w.org\/{rel}","templated":true}]}}